{"id":15297,"date":"2023-08-22T15:53:23","date_gmt":"2023-08-22T13:53:23","guid":{"rendered":"https:\/\/international.grandestdeveloppement.fr\/copie-de-implanter-votre-start-up-en-grand-est\/"},"modified":"2026-01-16T06:56:21","modified_gmt":"2026-01-16T05:56:21","slug":"ia-grand-est","status":"publish","type":"page","link":"https:\/\/international.grandestdeveloppement.fr\/fr\/numerique\/ia-grand-est\/","title":{"rendered":"L&rsquo;IA en Grand Est &#8211; \u00e0 la pointe de la recherche fran\u00e7aise sur l&rsquo;intelligence artificielle"},"content":{"rendered":"\n<p>La R\u00e9gion Grand Est place l<strong>\u2019intelligence artificielle (IA) au c\u0153ur de son d\u00e9veloppement \u00e9conomique<\/strong>. Gr\u00e2ce \u00e0 sa situation g\u00e9ographique au sein de la vall\u00e9e europ\u00e9enne de l&rsquo;IA et de sa volont\u00e9 politique assum\u00e9e de soutenir ce d\u00e9veloppement, elle offre aux entreprises de ce secteur les meilleures perspectives de d\u00e9veloppement sur son territoire.<\/p>\n\n\n<div class=\"bloc-chiffrescles grid tn:grid-cols-2 md:grid-cols-3 gap-8\">\n                <div class=\"bloc-chiffrescles--chiffreCle flex flex-col\">\n            <div class=\"bloc-chiffrescles--chiffre text-bold\">+41<\/div>\n            <div class=\"bloc-chiffrescles--titre h3-like\">offreurs de solutions de pointe<\/div>\n            <div class=\"bloc-chiffrescles--sousTitre ml-4\">en Grand Est<\/div>\n        <\/div>\n            <div class=\"bloc-chiffrescles--chiffreCle flex flex-col\">\n            <div class=\"bloc-chiffrescles--chiffre text-bold\">+400<\/div>\n            <div class=\"bloc-chiffrescles--titre h3-like\">chercheurs et doctorants<\/div>\n            <div class=\"bloc-chiffrescles--sousTitre ml-4\">dans 43 \u00e9quipes de recherche<\/div>\n        <\/div>\n            <div class=\"bloc-chiffrescles--chiffreCle flex flex-col\">\n            <div class=\"bloc-chiffrescles--chiffre text-bold\">2.500<\/div>\n            <div class=\"bloc-chiffrescles--titre h3-like\">\u00e9tudiants dans des cursus IA<\/div>\n            <div class=\"bloc-chiffrescles--sousTitre ml-4\">chaque ann\u00e9e<\/div>\n        <\/div>\n    <\/div>\n\n\n\n<h2 class=\"wp-block-heading\"><strong><strong><strong>Un pool de talents en Grand Est au service de l\u2019IA<\/strong><\/strong><\/strong><\/h2>\n\n\n\n<p>Le territoire du Grand Est r\u00e9unit tous les ingr\u00e9dients indispensables au bon d\u00e9veloppement des activit\u00e9s centr\u00e9es autour de l\u2019intelligence artificielle.<\/p>\n\n\n\n<p>Tout d\u2019abord un <strong>march\u00e9 au fort potentiel<\/strong> avec un<strong> tissu industriel tr\u00e8s d\u00e9velopp\u00e9<\/strong> (2<sup>\u00e8me<\/sup> r\u00e9gion industrielle de France) dont plus de 150 entreprises placent l\u2019IA au c\u0153ur de leur d\u00e9veloppement.<\/p>\n\n\n\n<p>Le territoire est \u00e9galement \u00e0 la pointe dans le domaine de la formation en intelligence artificielle avec&nbsp; <strong>5 universit\u00e9s de renom<\/strong> accueillant plus d\u2019une vingtaine de formations autour de l\u2019IA. Chaque universit\u00e9 dispose de comp\u00e9tence g\u00e9n\u00e9rale en mati\u00e8re d\u2019IA mais \u00e9galement de sp\u00e9cificit\u00e9s&nbsp;: l\u2019UNISTRA est plus tourn\u00e9e vers la sant\u00e9 et l\u2019UL vers l\u2019industrie par exemple. &nbsp;En compl\u00e9ment de nos universit\u00e9s, sont \u00e9galement int\u00e9gr\u00e9s 2 EPST&nbsp;: l\u2019INRIA et le CNRS&nbsp; qui font partie int\u00e9grante des projets et des \u00e9quipes de recherche d\u00e9di\u00e9es \u00e0 l\u2019IA.<\/p>\n\n\n\n<h3 class=\"wp-block-heading\" id=\"titre1\"><strong>Des infrastructures et centres AI de premier plan en Grand Est <\/strong><\/h3>\n\n\n\n<p>La r\u00e9gion Grand Est dispose d&rsquo;\u00e9quipements et centres de recherch remarquables :<\/p>\n\n\n\n<ul class=\"wp-block-list\">\n<li><strong>ROMEO \u00e0 l&rsquo;Universit\u00e9 de Reims Champagne Ardennes (URCA)<\/strong>: le centre de calcul HPC d\u2019une puissance de calcul de 9 p\u00e9taflops<\/li>\n\n\n\n<li><strong>La plateforme V\u00e9hicule Autonome<\/strong> de l&rsquo;Universit\u00e9 de Haute-Alsace (UHA)<\/li>\n\n\n\n<li><strong>Le Cr\u00e9ativ\u2019Lab<\/strong>: une plateforme d\u00e9di\u00e9e \u00e0 l\u2019innovation technologique dans la robotique \u00e0 l&rsquo;Universit\u00e9 de Lorraine (UL)<\/li>\n\n\n\n<li><strong>la plateforme technologique GAIA<\/strong> ,plateforme d\u00e9di\u00e9e au d\u00e9veloppement de projet d\u2019IA pour l\u2019industrie \u00e0 l&rsquo;Universit\u00e9 de Strasbourg (UNISTRA)<\/li>\n\n\n\n<li><strong>Camex-IA, <\/strong>le campus des m\u00e9tiers et des qualifications enti\u00e8rement d\u00e9di\u00e9es \u00e0 l\u2019IA \u00e0 Metz.<\/li>\n<\/ul>\n\n\n\n<p>Ainsi, ce sont pr\u00e8s de <strong>2500 \u00e9tudiants<\/strong> qui sortent chaque ann\u00e9e dipl\u00f4m\u00e9s dans ce domaine sur le march\u00e9 du travail.<\/p>\n\n\n\n<div class=\"wp-block-columns are-vertically-aligned-top is-layout-flex wp-container-core-columns-is-layout-9d6595d7 wp-block-columns-is-layout-flex\">\n<div class=\"wp-block-column is-vertically-aligned-top is-layout-flow wp-block-column-is-layout-flow\" style=\"flex-basis:100%\">\n<figure class=\"wp-block-embed is-type-video is-provider-youtube wp-block-embed-youtube wp-embed-aspect-16-9 wp-has-aspect-ratio\"><div class=\"wp-block-embed__wrapper\">\n<iframe loading=\"lazy\" title=\"Loria, le Laboratoire lorrain de Recherche en Informatique et ses Applications\" width=\"500\" height=\"281\" src=\"https:\/\/www.youtube.com\/embed\/WYCJYwil8tU?feature=oembed\" frameborder=\"0\" allow=\"accelerometer; autoplay; clipboard-write; encrypted-media; gyroscope; picture-in-picture; web-share\" referrerpolicy=\"strict-origin-when-cross-origin\" allowfullscreen><\/iframe>\n<\/div><\/figure>\n<\/div>\n<\/div>\n\n\n\n<h3 class=\"wp-block-heading\" id=\"titre2\"><strong>Une recherche foisonnante et de nombreux projets d&rsquo;innovation en Grand Est <\/strong><\/h3>\n\n\n\n<p>la recherche et l\u2019innovation foisonnent sur le territoire du Grand Est autour de cette discipline. Grace \u00e0 des moyens particuli\u00e8rement performants, comme des chaires de recherche sur des th\u00e9matiques diverses (industrie, analyse du langage\u2026), ce sont pr\u00e8s de <strong>400 chercheurs et 400 doctorants<\/strong> qui travaillent quotidiennement sur la th\u00e9matique de l\u2019IA en Grand Est en lien \u00e9troit avec leurs partenaires des pays voisins. Ce foisonnement autour de la recherche dans notre r\u00e9gion se traduit notamment par des projets de dimensionnement national et international localis\u00e9 en Grand Est&nbsp;:<\/p>\n\n\n\n<ul class=\"wp-block-list\">\n<li><strong>Le Cluster ENACT<\/strong> : laur\u00e9at de l\u2019appel \u00e0 projet \u00ab&nbsp;IA Cluster\u202f: p\u00f4les de recherche et de formation de rang mondial en intelligence artificielle\u202f\u00bb rassemblant les laboratoires de l\u2019UL et de l\u2019UNISTRA sur 5 ans.<\/li>\n\n\n\n<li><strong>Le EDIH (European Digital Innovation Hub)<\/strong> est un projet europ\u00e9en de Hub d\u2019Innovation. Il rassemble les 5 universit\u00e9s du Grand Est et propose des offres de services pour permettre \u00e0 des entreprises industrielles d\u2019exp\u00e9rimenter et de se former sur des nouvelles technologies d\u2019IA (et de cybers\u00e9curit\u00e9)<\/li>\n\n\n\n<li><strong>Grand Est Solutions Num\u00e9riques<\/strong> rassemble des communaut\u00e9s et un catalogue d\u2019offreurs de solution mis en visibilit\u00e9 sur les parcours de transformation de la R\u00e9gion Grand Est.<\/li>\n<\/ul>\n\n\n\n<h4 class=\"wp-block-heading\">Les principaux projets de R&amp;D en IA dans le Grand Est<\/h4>\n\n\n\n<div class=\"wp-block-media-text has-media-on-the-right is-stacked-on-mobile\" style=\"grid-template-columns:auto 31%\"><div class=\"wp-block-media-text__content\">\n<p><strong>Supercalculateur hybride parmi les plus puissants en France par&nbsp; Nvidia\/ATOS; puissance de calcul accessible pour les entreprises.<\/strong> Calculateur ROMEO dispense \u00e9galement des formations sp\u00e9cialis\u00e9es pour l\u2019utilisation du HPC et le d\u00e9veloppement d\u2019applications sp\u00e9cifiques d\u00e9di\u00e9es \u00e0 cet environnement. L\u2019URCA permet \u00e9galement la location d\u2019heure de calcul permettant ainsi \u00e0 l\u2019\u00e9cosyst\u00e8me de recherche mais \u00e9galement d\u2019entreprises du Grand Est d\u2019avoir acc\u00e8s \u00e0 des importants moyens de calcul n\u00e9cessaires aujourd\u2019hui pour d\u00e9velopper les futurs mod\u00e8les d\u2019IA. LE supercalculateur ROMEO de l&rsquo;URCA atteint d\u00e9sormais la <strong>2\u00e8me place du classement mondial GREEN500<\/strong> et la 1<strong>\u00e8re place \u00e0 l\u2019\u00e9chelle fran\u00e7aise<\/strong>. Il rivalise donc avec les meilleures infrastructures mondiales en mati\u00e8re de puissance de calcul mais aussi de performance par Watt d\u2019\u00e9nergie consomm\u00e9. <a href=\"https:\/\/romeo.univ-reims.fr\/pages\/aboutUs\">Plus d&rsquo;infos sur le supercalculateur ROMEO<\/a><\/p>\n<\/div><figure class=\"wp-block-media-text__media\"><img loading=\"lazy\" decoding=\"async\" width=\"285\" height=\"285\" src=\"https:\/\/international.grandestdeveloppement.fr\/wp-content\/uploads\/2025\/02\/romeoLogo.jpg\" alt=\"\" class=\"wp-image-15324 size-full\" srcset=\"https:\/\/international.grandestdeveloppement.fr\/wp-content\/uploads\/2025\/02\/romeoLogo.jpg 285w, https:\/\/international.grandestdeveloppement.fr\/wp-content\/uploads\/2025\/02\/romeoLogo-150x150.jpg 150w\" sizes=\"auto, (max-width: 285px) 100vw, 285px\" \/><\/figure><\/div>\n\n\n\n<div class=\"wp-block-media-text is-stacked-on-mobile\" style=\"grid-template-columns:27% auto\"><figure class=\"wp-block-media-text__media\"><img loading=\"lazy\" decoding=\"async\" width=\"700\" height=\"371\" src=\"https:\/\/international.grandestdeveloppement.fr\/wp-content\/uploads\/2025\/02\/logo_loria_complet.jpg\" alt=\"\" class=\"wp-image-15320 size-full\" srcset=\"https:\/\/international.grandestdeveloppement.fr\/wp-content\/uploads\/2025\/02\/logo_loria_complet.jpg 700w, https:\/\/international.grandestdeveloppement.fr\/wp-content\/uploads\/2025\/02\/logo_loria_complet-300x159.jpg 300w\" sizes=\"auto, (max-width: 700px) 100vw, 700px\" \/><\/figure><div class=\"wp-block-media-text__content\">\n<p>Le LORIA a pour mission<strong> la recherche fondamentale et appliqu\u00e9e en sciences informatiques<\/strong>. Les travaux scientifiques sont men\u00e9s au sein de 29 \u00e9quipes structur\u00e9es en 5 d\u00e9partements, dont 15 sont communes avec l\u2019INRIA, repr\u00e9sentant <strong>un total de plus de 400 personne<\/strong>s. Le LORIA (Laboratoire Lorrain de Recherche en Informatique et ses Applications) de l&rsquo;Universit\u00e9 de Lorraine est un centre d&rsquo;excellence en IA. Ses axes de recherche en IA incluent le traitement automatique des langues, l&rsquo;apprentissage automatique, la vision par ordinateur et la robotique intelligente. Le LORIA se distingue par sa production scientifique de haute qualit\u00e9, avec <strong>40% de ses publications dans les meilleures conf\u00e9rences et revues du domaine<\/strong>. Sa forte collaboration internationale, impliquant 74 pays, renforce son statut de leader en IA, notamment dans les domaines de la cybers\u00e9curit\u00e9 et du calcul quantique appliqu\u00e9s \u00e0 l&rsquo;IA. <a href=\"https:\/\/www.loria.fr\/en\/research\/european-projects-and-feder-funded-projects\/\">Plus d&rsquo;infos sur LORIA<\/a><\/p>\n<\/div><\/div>\n\n\n\n<div class=\"wp-block-media-text has-media-on-the-right is-stacked-on-mobile\" style=\"grid-template-columns:auto 29%\"><div class=\"wp-block-media-text__content\">\n<p class=\"has-text-align-left\">ICube (Laboratoire des Sciences de l&rsquo;Ing\u00e9nieur, de l&rsquo;Informatique et de l&rsquo;Imagerie) de l&rsquo;Universit\u00e9 de Strasbourg est un acteur majeur de l&rsquo;IA appliqu\u00e9e, comptant <strong>764 membres r\u00e9partis sur 5 campus<\/strong>. Ses recherches en IA se concentrent sur <strong>l&rsquo;imagerie et la robotique m\u00e9dicale, l&rsquo;IA pour la sant\u00e9, et la science des donn\u00e9es environnementales<\/strong>. ICube se d\u00e9marque par son approche interdisciplinaire, avec <strong>25% de ses publications impliquant des collaborations entre \u00e9quipes<\/strong>. Le laboratoire est fortement impliqu\u00e9 dans l&rsquo;innovation, avec<strong> 200 brevets actifs et 6 start-ups cr\u00e9\u00e9es<\/strong>. Son expertise en IA est renforc\u00e9e par sa participation \u00e0 de nombreux projets nationaux et europ\u00e9ens, ainsi que par ses 7 plateformes d&rsquo;appui \u00e0 la recherche. <a href=\"https:\/\/icube.unistra.fr\/en\/\">More Info About ICube Here<\/a>.<\/p>\n<\/div><figure class=\"wp-block-media-text__media\"><img loading=\"lazy\" decoding=\"async\" width=\"180\" height=\"80\" src=\"https:\/\/international.grandestdeveloppement.fr\/wp-content\/uploads\/2025\/02\/logo.png\" alt=\"\" class=\"wp-image-15316 size-full\"\/><\/figure><\/div>\n\n\n\n<div class=\"wp-block-media-text is-stacked-on-mobile\" style=\"grid-template-columns:29% auto\"><figure class=\"wp-block-media-text__media\"><img loading=\"lazy\" decoding=\"async\" width=\"1024\" height=\"1024\" src=\"https:\/\/international.grandestdeveloppement.fr\/wp-content\/uploads\/2025\/02\/IEF-visuels-participation-salon-1024x1024.jpg\" alt=\"\" class=\"wp-image-15313 size-full\" srcset=\"https:\/\/international.grandestdeveloppement.fr\/wp-content\/uploads\/2025\/02\/IEF-visuels-participation-salon-1024x1024.jpg 1024w, https:\/\/international.grandestdeveloppement.fr\/wp-content\/uploads\/2025\/02\/IEF-visuels-participation-salon-300x300.jpg 300w, https:\/\/international.grandestdeveloppement.fr\/wp-content\/uploads\/2025\/02\/IEF-visuels-participation-salon-150x150.jpg 150w, https:\/\/international.grandestdeveloppement.fr\/wp-content\/uploads\/2025\/02\/IEF-visuels-participation-salon-768x768.jpg 768w, https:\/\/international.grandestdeveloppement.fr\/wp-content\/uploads\/2025\/02\/IEF-visuels-participation-salon.jpg 1200w\" sizes=\"auto, (max-width: 1024px) 100vw, 1024px\" \/><\/figure><div class=\"wp-block-media-text__content\">\n<p>ENACT ambitionne de faire de la R\u00e9gion Grand Est un leader europ\u00e9en de l\u2019intelligence artificielle (IA), avec une strat\u00e9gie structurante de formation, de recherche et d\u2019innovation pens\u00e9e de mani\u00e8re globale afin d\u2019irriguer l\u2019ensemble du territoire de la R\u00e9gion et au-del\u00e0 et pr\u00e9voit de doubler le nombre d\u2019\u00e9tudiants en IA d\u2019ici 2030. Il est construit autour de trois th\u00e9matiques : <strong>la recherche, la formation et le transfert technologique<\/strong>. Il inclut un grand nombre de partenaires territoriaux (IHU de Strasbourg, CHRU de Nancy, INSERM, une cinquantaine d\u2019entreprises \u00e0 son lancement). Il est concentr\u00e9 autour de trois axes :<strong> IA pour l\u2019ing\u00e9nierie et la d\u00e9couverte scientifique, IA pour la sant\u00e9 et IA pour le traitement automatique des langues<\/strong> (souhait de d\u00e9velopper un concurrent \u00e0 ChatGPT dans des domaines pr\u00e9cis). Il inclura <strong>18 chaires de recherche, 14 ing\u00e9nieurs pour le transfert technologique, 100 th\u00e8ses et 60 th\u00e8ses CIFRE<\/strong>. Sur la partie formation, il s\u2019int\u00e9ressera \u00e0 la fois \u00e0 la formation d\u2019experts en IA mais \u00e9galement \u00e0 tout un ensemble d\u2019\u00e9tudiants dans d\u2019autres domaines d\u2019application de l\u2019IA (IA + X, IA et chimie par exemple) allant de la licence au doctorat. <strong>Ce cluster est financ\u00e9 \u00e0 hauteur de 30 M\u20ac par l\u2019ANR<\/strong>.En tout, La France en comptera 9 sur tout le territoire. <a href=\"https:\/\/international.grandestdeveloppement.fr\/fr\/cluster-enact\/\">Plus d&rsquo;infos sur le cluster<\/a><\/p>\n<\/div><\/div>\n\n\n\n<h3 class=\"wp-block-heading\">Investissement R&amp;D en Intelligence Artificielle <strong><strong>dans le Grand Est<\/strong><\/strong><\/h3>\n\n\n\n<p>Plusieurs acteurs priv\u00e9s d\u00e9veloppent et investissent massivement dans la R&amp;D en intelligence artificielle. Voici quelques-uns d\u2019entre eux :<\/p>\n\n\n\n<ul class=\"wp-block-list\">\n<li><strong>Cognitive Factory<\/strong>, port\u00e9 par Euro-Information (la filiale technologique du groupe<del> <\/del>Cr\u00e9dit Mutuel) pour le d\u00e9ploiement de l\u2019IA dans tous les m\u00e9tiers de la banque\/assurance implant\u00e9e \u00e0 Strasbourg en partenariat avec IBM via sa plateforme Watsonx<\/li>\n\n\n\n<li><strong>Le Digital Lab de Arcelor Mittal<\/strong>: ArcelorMittal a d\u00e9velopp\u00e9 un laboratoire de recherche et d\u00e9veloppement qui int\u00e8gre des technologies telles que l&rsquo;Internet des Objets (IoT), les Big Data et l&rsquo;Intelligence Artificielle pour am\u00e9liorer la fiabilit\u00e9, la s\u00e9curit\u00e9 et l&rsquo;efficacit\u00e9 op\u00e9rationnelle de ses processus de production.<\/li>\n\n\n\n<li><strong>Le Hub d&rsquo;innovation \u201c574 Grand Est\u201d<\/strong> totalement d\u00e9mat\u00e9rialis\u00e9, se concentre sur l&rsquo;innovation et la transformation digitale des processus de la SNCF. Il utilise l&rsquo;IA et d&rsquo;autres technologies pour am\u00e9liorer l&rsquo;exp\u00e9rience client, optimiser les op\u00e9rations et d\u00e9velopper de nouvelles solutions pour le transport ferroviaire.<\/li>\n\n\n\n<li><strong>T&amp;S\u2019s Englab<\/strong> et sa ligne de production exp\u00e9rimentale du futur, combinant la collaboration homme-machine, l&rsquo;IA et l&rsquo;automatisation pour optimiser la fabrication.<\/li>\n<\/ul>\n\n\n\n<h2 class=\"wp-block-heading\"><strong><strong>Un plan r\u00e9gional favorisant l\u2019adoption et l\u2019\u00e9mergence de solutions IA innovantes en Grand Est<\/strong><\/strong><\/h2>\n\n\n\n<p>La R\u00e9gion Grand Est s\u2019est dot\u00e9e d\u00e8s 2019 d\u2019un plan r\u00e9gional IA d\u2019un montant de 350 Millions d\u2019euros centr\u00e9 sur les objectifs suivants :<\/p>\n\n\n\n<ol start=\"1\" class=\"wp-block-list\">\n<li><strong>Booster la comp\u00e9titivit\u00e9 des entreprises<\/strong><\/li>\n\n\n\n<li><strong>Soutenir l\u2019excellence scientifique<\/strong><\/li>\n\n\n\n<li><strong>Accompagner le d\u00e9veloppement des start-up<\/strong><\/li>\n\n\n\n<li><strong>D\u00e9velopper les comp\u00e9tences r\u00e9gionales<\/strong><\/li>\n\n\n\n<li><strong>Garantir une IA transparente, \u00e9thique et inclusive<\/strong><\/li>\n<\/ol>\n\n\n\n<p>Ce plan s\u2019inscrit dans une v\u00e9ritable dynamique europ\u00e9enne, en lien avec l\u2019Allemagne (Stuttgart), la Belgique, le Luxembourg et la Suisse pour f\u00e9d\u00e9rer les entreprises et le secteur acad\u00e9mique au sein d\u2019une <strong>v\u00e9ritable vall\u00e9e europ\u00e9enne de l\u2019intelligence artificielle.<\/strong><\/p>\n\n\n\n<figure class=\"wp-block-image aligncenter size-large is-resized\"><img loading=\"lazy\" decoding=\"async\" width=\"1024\" height=\"687\" src=\"https:\/\/international.grandestdeveloppement.fr\/wp-content\/uploads\/2025\/02\/image-1024x687.png\" alt=\"\" class=\"wp-image-15308\" style=\"width:801px;height:auto\" srcset=\"https:\/\/international.grandestdeveloppement.fr\/wp-content\/uploads\/2025\/02\/image-1024x687.png 1024w, https:\/\/international.grandestdeveloppement.fr\/wp-content\/uploads\/2025\/02\/image-300x201.png 300w, https:\/\/international.grandestdeveloppement.fr\/wp-content\/uploads\/2025\/02\/image-768x515.png 768w, https:\/\/international.grandestdeveloppement.fr\/wp-content\/uploads\/2025\/02\/image-1536x1030.png 1536w, https:\/\/international.grandestdeveloppement.fr\/wp-content\/uploads\/2025\/02\/image.png 1736w\" sizes=\"auto, (max-width: 1024px) 100vw, 1024px\" \/><\/figure>\n\n\n\n<p>Au travers de ce plan, la r\u00e9gion propose des aides directes aux entreprises du territoire qui souhaiteraient faire un diagnostic puis adopter des solutions bas\u00e9es sur l\u2019intelligence artificielle. Elle soutient \u00e9galement directement les entreprises proposant des solutions IA particuli\u00e8rement innovantes avec des aides pouvant atteindre jusque 100.000\u20ac (voir mise en \u0153uvre ci-dessous).<\/p>\n\n\n\n<p>Ces aides directes s\u2019accompagnent d\u2019un r\u00e9seau d\u2019accompagnement des entreprises d\u00e9di\u00e9 \u00e0 la th\u00e9matique de l\u2019intelligence artificielle pour r\u00e9pondre et orienter au mieux les entreprises dans leur transition vers ces solutions. A commencer par les \u00e9quipes de D\u00e9couvrez Grand Est D\u00e9veloppement Solutions regroup\u00e9s au sein de notre agence Grand Est D\u00e9veloppement mais \u00e9galement le hub digital r\u00e9gional EDIH soutenu par la Commission Europ\u00e9enne.<\/p>\n\n\n\n<div class=\"wp-block-media-text is-stacked-on-mobile\"><figure class=\"wp-block-media-text__media\"><img loading=\"lazy\" decoding=\"async\" width=\"500\" height=\"400\" src=\"https:\/\/international.grandestdeveloppement.fr\/wp-content\/uploads\/2025\/02\/Post-LinkedIn-Carte-OS-IA-Grand-Est.jpg\" alt=\"\" class=\"wp-image-15305 size-full\" srcset=\"https:\/\/international.grandestdeveloppement.fr\/wp-content\/uploads\/2025\/02\/Post-LinkedIn-Carte-OS-IA-Grand-Est.jpg 500w, https:\/\/international.grandestdeveloppement.fr\/wp-content\/uploads\/2025\/02\/Post-LinkedIn-Carte-OS-IA-Grand-Est-300x240.jpg 300w\" sizes=\"auto, (max-width: 500px) 100vw, 500px\" \/><\/figure><div class=\"wp-block-media-text__content\">\n<h2 class=\"wp-block-heading\"><strong>Les Offreurs de Solutions IA en Grand Est<\/strong><\/h2>\n\n\n\n<p><strong>41 offreurs de solutions<\/strong> ont \u00e9t\u00e9 r\u00e9f\u00e9renc\u00e9s sur le site de Grand Est D\u00e9veloppement Solutions afin de r\u00e9pondre au besoin de transformation des entreprises du Grand Est dans ce domaine.<\/p>\n\n\n\n<div class=\"wp-block-buttons is-layout-flex wp-block-buttons-is-layout-flex\">\n<div class=\"wp-block-button\"><a class=\"wp-block-button__link wp-element-button\" href=\"https:\/\/www.grandestdeveloppement.fr\/solutions-numeriques-2025\/#:~:text=Grand%20Est%20D%C3%A9veloppement%20Solutions%20Num%C3%A9rique%20est%20un%20acc%C3%A9l%C3%A9rateur%20r%C3%A9gional%20de,entreprises%20dans%20leur%20transformation%20num%C3%A9rique.\">D\u00e9couvrez la liste de nos Offreurs IA<\/a><\/div>\n<\/div>\n<\/div><\/div>\n\n\n\n<p><strong>41 offreurs de solutions<\/strong> sont r\u00e9f\u00e9renc\u00e9s chez Grand Est Solutions Num\u00e9riques pour r\u00e9pondre aux besoins en transformation des entreprises de la R\u00e9gion Grand Est<\/p>\n\n\n\n<figure class=\"wp-block-image aligncenter size-full is-resized\"><a href=\"https:\/\/www.numerique.grandest-transformation.fr\/offreurs\/\"><img loading=\"lazy\" decoding=\"async\" width=\"500\" height=\"400\" src=\"https:\/\/international.grandestdeveloppement.fr\/wp-content\/uploads\/2025\/02\/Post-LinkedIn-Carte-OS-IA-Grand-Est.jpg\" alt=\"\" class=\"wp-image-15305\" style=\"width:602px;height:auto\" srcset=\"https:\/\/international.grandestdeveloppement.fr\/wp-content\/uploads\/2025\/02\/Post-LinkedIn-Carte-OS-IA-Grand-Est.jpg 500w, https:\/\/international.grandestdeveloppement.fr\/wp-content\/uploads\/2025\/02\/Post-LinkedIn-Carte-OS-IA-Grand-Est-300x240.jpg 300w\" sizes=\"auto, (max-width: 500px) 100vw, 500px\" \/><\/a><\/figure>\n\n\n\n<div style=\"height:0px\" aria-hidden=\"true\" class=\"wp-block-spacer\"><\/div>\n\n\n\n<h2 class=\"wp-block-heading\"><strong style=\"font-size: 3rem;\">Une Infrastructure de pointe dans le Grand Est pour le D\u00e9veloppement de l\u2019IA<\/strong><\/h2>\n\n\n\n<p>La r\u00e9gion Grand Est devient un v\u00e9ritable hub pour le d\u00e9veloppement de l\u2019IA, gr\u00e2ce \u00e0 son infrastructure de qualit\u00e9 en constante \u00e9volution. Lors du Sommet de l\u2019Action pour l\u2019IA en f\u00e9vrier 2025, il a \u00e9t\u00e9 annonc\u00e9 que le Grand Est devrait accueillir  5 \u00e0 7 centres de donn\u00e9es IA \u00e0 faibles \u00e9missions, renfor\u00e7ant ainsi son engagement envers la technologie durable.<\/p>\n\n\n\n<p>La r\u00e9gion dispose d\u2019une infrastructure haute performance, comprenant des r\u00e9seaux de fibre optique \u00e9tendus (class\u00e9s comme la 3\u00e8me autoroute informatique mondiale), un d\u00e9ploiement g\u00e9n\u00e9ralis\u00e9 de la fibre et de la 5G. De plus, le supercalculateur ROMEO offre une puissance de calcul exceptionnelle, am\u00e9liorant encore les capacit\u00e9s de la r\u00e9gion. Avec ces avanc\u00e9es, le Grand Est poss\u00e8de tous les \u00e9quipements n\u00e9cessaires pour soutenir efficacement la recherche et l\u2019innovation de pointe en IA.<\/p>\n\n\n\n<div style=\"height:0px\" aria-hidden=\"true\" class=\"wp-block-spacer\"><\/div>\n\n\n\n<figure class=\"wp-block-image aligncenter size-large is-resized\"><img loading=\"lazy\" decoding=\"async\" width=\"1024\" height=\"794\" src=\"https:\/\/international.grandestdeveloppement.fr\/wp-content\/uploads\/2025\/02\/2025-International-LinkedIn-Oist-IA-Map-Data-Centers-with-Title-1024x794.jpg\" alt=\"\" class=\"wp-image-15343\" style=\"width:911px;height:auto\" srcset=\"https:\/\/international.grandestdeveloppement.fr\/wp-content\/uploads\/2025\/02\/2025-International-LinkedIn-Oist-IA-Map-Data-Centers-with-Title-1024x794.jpg 1024w, https:\/\/international.grandestdeveloppement.fr\/wp-content\/uploads\/2025\/02\/2025-International-LinkedIn-Oist-IA-Map-Data-Centers-with-Title-300x233.jpg 300w, https:\/\/international.grandestdeveloppement.fr\/wp-content\/uploads\/2025\/02\/2025-International-LinkedIn-Oist-IA-Map-Data-Centers-with-Title-768x596.jpg 768w, https:\/\/international.grandestdeveloppement.fr\/wp-content\/uploads\/2025\/02\/2025-International-LinkedIn-Oist-IA-Map-Data-Centers-with-Title-1536x1191.jpg 1536w, https:\/\/international.grandestdeveloppement.fr\/wp-content\/uploads\/2025\/02\/2025-International-LinkedIn-Oist-IA-Map-Data-Centers-with-Title.jpg 1604w\" sizes=\"auto, (max-width: 1024px) 100vw, 1024px\" \/><\/figure>\n","protected":false},"excerpt":{"rendered":"<p>Le Grand Est  place l\u2019intelligence artificielle (IA) au c\u0153ur de son d\u00e9veloppement \u00e9conomique. Gr\u00e2ce \u00e0 sa situation g\u00e9ographique centrale au coeur de la Vall\u00e9e Europ\u00e9enne de l\u2019IA et \u00e0 un engagement politique clair pour soutenir son d\u00e9veloppements de l\u2019IA, le Grand Est offre aux entreprises un ensemble complet de perspectives pour leur d\u00e9veloppement dans la r\u00e9gion.<\/p>\n","protected":false},"author":24,"featured_media":15300,"parent":553,"menu_order":0,"comment_status":"closed","ping_status":"closed","template":"template-secteur.php","meta":{"_acf_changed":false,"_relevanssi_hide_post":"","_relevanssi_pin_for_all":"","_relevanssi_pin_keywords":"","_relevanssi_unpin_keywords":"","_relevanssi_related_keywords":"","_relevanssi_related_include_ids":"","_relevanssi_related_exclude_ids":"","_relevanssi_related_no_append":"","_relevanssi_related_not_related":"","_relevanssi_related_posts":"4867,1212,4872,3481,1354,7954","_relevanssi_noindex_reason":"","inline_featured_image":false,"footnotes":""},"categorie-businessFunction":[],"categorie-secteur":[223,222,34],"categorie-nationalite":[],"categorie-territoire":[239,240],"categorie-service":[],"class_list":["post-15297","page","type-page","status-publish","has-post-thumbnail","hentry","categorie-secteur-intelligence-artificielle-ia-en","categorie-secteur-intelligence-artificielle-ia","categorie-secteur-numerique","categorie-territoire-grand-est","categorie-territoire-grand-est-en"],"acf":[],"yoast_head":"<!-- This site is optimized with the Yoast SEO plugin v27.3 - https:\/\/yoast.com\/product\/yoast-seo-wordpress\/ -->\n<title>L&#039;IA en Grand Est - \u00e0 la pointe de la recherche fran\u00e7aise sur l&#039;intelligence artificielle - Invest Eastern France<\/title>\n<meta name=\"description\" content=\"La R\u00e9gion Grand Est place l\u2019intelligence artificielle (IA) au c\u0153ur de son d\u00e9veloppement \u00e9conomique. D\u00e9couvrez toutes nos initiatives en IA !\" \/>\n<meta name=\"robots\" content=\"index, follow, max-snippet:-1, max-image-preview:large, max-video-preview:-1\" \/>\n<link rel=\"canonical\" href=\"https:\/\/international.grandestdeveloppement.fr\/fr\/numerique\/ia-grand-est\/\" \/>\n<meta property=\"og:locale\" content=\"fr_FR\" \/>\n<meta property=\"og:type\" content=\"article\" \/>\n<meta property=\"og:title\" content=\"L&#039;IA en Grand Est - \u00e0 la pointe de la recherche fran\u00e7aise sur l&#039;intelligence artificielle - Invest Eastern France\" \/>\n<meta property=\"og:description\" content=\"La R\u00e9gion Grand Est place l\u2019intelligence artificielle (IA) au c\u0153ur de son d\u00e9veloppement \u00e9conomique. D\u00e9couvrez toutes nos initiatives en IA !\" \/>\n<meta property=\"og:url\" content=\"https:\/\/international.grandestdeveloppement.fr\/fr\/numerique\/ia-grand-est\/\" \/>\n<meta property=\"og:site_name\" content=\"Invest Eastern France\" \/>\n<meta property=\"article:modified_time\" content=\"2026-01-16T05:56:21+00:00\" \/>\n<meta property=\"og:image\" content=\"https:\/\/international.grandestdeveloppement.fr\/wp-content\/uploads\/2025\/02\/AI-Photo-page-sectorielle-site-web-internationa.jpg\" \/>\n\t<meta property=\"og:image:width\" content=\"1443\" \/>\n\t<meta property=\"og:image:height\" content=\"806\" \/>\n\t<meta property=\"og:image:type\" content=\"image\/jpeg\" \/>\n<meta name=\"twitter:card\" content=\"summary_large_image\" \/>\n<meta name=\"twitter:label1\" content=\"Dur\u00e9e de lecture estim\u00e9e\" \/>\n\t<meta name=\"twitter:data1\" content=\"10 minutes\" \/>\n<script type=\"application\/ld+json\" class=\"yoast-schema-graph\">{\"@context\":\"https:\\\/\\\/schema.org\",\"@graph\":[{\"@type\":\"WebPage\",\"@id\":\"https:\\\/\\\/international.grandestdeveloppement.fr\\\/fr\\\/numerique\\\/ia-grand-est\\\/\",\"url\":\"https:\\\/\\\/international.grandestdeveloppement.fr\\\/fr\\\/numerique\\\/ia-grand-est\\\/\",\"name\":\"L'IA en Grand Est - \u00e0 la pointe de la recherche fran\u00e7aise sur l'intelligence artificielle - Invest Eastern France\",\"isPartOf\":{\"@id\":\"https:\\\/\\\/international.grandestdeveloppement.fr\\\/fr\\\/#website\"},\"primaryImageOfPage\":{\"@id\":\"https:\\\/\\\/international.grandestdeveloppement.fr\\\/fr\\\/numerique\\\/ia-grand-est\\\/#primaryimage\"},\"image\":{\"@id\":\"https:\\\/\\\/international.grandestdeveloppement.fr\\\/fr\\\/numerique\\\/ia-grand-est\\\/#primaryimage\"},\"thumbnailUrl\":\"https:\\\/\\\/international.grandestdeveloppement.fr\\\/wp-content\\\/uploads\\\/2025\\\/02\\\/AI-Photo-page-sectorielle-site-web-internationa.jpg\",\"datePublished\":\"2023-08-22T13:53:23+00:00\",\"dateModified\":\"2026-01-16T05:56:21+00:00\",\"description\":\"La R\u00e9gion Grand Est place l\u2019intelligence artificielle (IA) au c\u0153ur de son d\u00e9veloppement \u00e9conomique. D\u00e9couvrez toutes nos initiatives en IA !\",\"breadcrumb\":{\"@id\":\"https:\\\/\\\/international.grandestdeveloppement.fr\\\/fr\\\/numerique\\\/ia-grand-est\\\/#breadcrumb\"},\"inLanguage\":\"fr-FR\",\"potentialAction\":[{\"@type\":\"ReadAction\",\"target\":[\"https:\\\/\\\/international.grandestdeveloppement.fr\\\/fr\\\/numerique\\\/ia-grand-est\\\/\"]}]},{\"@type\":\"ImageObject\",\"inLanguage\":\"fr-FR\",\"@id\":\"https:\\\/\\\/international.grandestdeveloppement.fr\\\/fr\\\/numerique\\\/ia-grand-est\\\/#primaryimage\",\"url\":\"https:\\\/\\\/international.grandestdeveloppement.fr\\\/wp-content\\\/uploads\\\/2025\\\/02\\\/AI-Photo-page-sectorielle-site-web-internationa.jpg\",\"contentUrl\":\"https:\\\/\\\/international.grandestdeveloppement.fr\\\/wp-content\\\/uploads\\\/2025\\\/02\\\/AI-Photo-page-sectorielle-site-web-internationa.jpg\",\"width\":1443,\"height\":806,\"caption\":\"Artificial Intelligence (AI) in Eastern France\"},{\"@type\":\"BreadcrumbList\",\"@id\":\"https:\\\/\\\/international.grandestdeveloppement.fr\\\/fr\\\/numerique\\\/ia-grand-est\\\/#breadcrumb\",\"itemListElement\":[{\"@type\":\"ListItem\",\"position\":1,\"name\":\"Accueil\",\"item\":\"https:\\\/\\\/international.grandestdeveloppement.fr\\\/fr\\\/\"},{\"@type\":\"ListItem\",\"position\":2,\"name\":\"Le num\u00e9rique en Grand Est\",\"item\":\"https:\\\/\\\/international.grandestdeveloppement.fr\\\/fr\\\/numerique\\\/\"},{\"@type\":\"ListItem\",\"position\":3,\"name\":\"L&#8217;IA en Grand Est &#8211; \u00e0 la pointe de la recherche fran\u00e7aise sur l&#8217;intelligence artificielle\"}]},{\"@type\":\"WebSite\",\"@id\":\"https:\\\/\\\/international.grandestdeveloppement.fr\\\/fr\\\/#website\",\"url\":\"https:\\\/\\\/international.grandestdeveloppement.fr\\\/fr\\\/\",\"name\":\"Invest Eastern France\",\"description\":\"\",\"publisher\":{\"@id\":\"https:\\\/\\\/international.grandestdeveloppement.fr\\\/fr\\\/#organization\"},\"potentialAction\":[{\"@type\":\"SearchAction\",\"target\":{\"@type\":\"EntryPoint\",\"urlTemplate\":\"https:\\\/\\\/international.grandestdeveloppement.fr\\\/fr\\\/?s={search_term_string}\"},\"query-input\":{\"@type\":\"PropertyValueSpecification\",\"valueRequired\":true,\"valueName\":\"search_term_string\"}}],\"inLanguage\":\"fr-FR\"},{\"@type\":\"Organization\",\"@id\":\"https:\\\/\\\/international.grandestdeveloppement.fr\\\/fr\\\/#organization\",\"name\":\"Invest Eastern France\",\"url\":\"https:\\\/\\\/international.grandestdeveloppement.fr\\\/fr\\\/\",\"logo\":{\"@type\":\"ImageObject\",\"inLanguage\":\"fr-FR\",\"@id\":\"https:\\\/\\\/international.grandestdeveloppement.fr\\\/fr\\\/#\\\/schema\\\/logo\\\/image\\\/\",\"url\":\"https:\\\/\\\/www.international.grandestdeveloppement.fr\\\/wp-content\\\/uploads\\\/2021\\\/08\\\/logo-invest-eastern-france.png\",\"contentUrl\":\"https:\\\/\\\/www.international.grandestdeveloppement.fr\\\/wp-content\\\/uploads\\\/2021\\\/08\\\/logo-invest-eastern-france.png\",\"width\":500,\"height\":180,\"caption\":\"Invest Eastern France\"},\"image\":{\"@id\":\"https:\\\/\\\/international.grandestdeveloppement.fr\\\/fr\\\/#\\\/schema\\\/logo\\\/image\\\/\"}}]}<\/script>\n<!-- \/ Yoast SEO plugin. -->","yoast_head_json":{"title":"L'IA en Grand Est - \u00e0 la pointe de la recherche fran\u00e7aise sur l'intelligence artificielle - Invest Eastern France","description":"La R\u00e9gion Grand Est place l\u2019intelligence artificielle (IA) au c\u0153ur de son d\u00e9veloppement \u00e9conomique. D\u00e9couvrez toutes nos initiatives en IA !","robots":{"index":"index","follow":"follow","max-snippet":"max-snippet:-1","max-image-preview":"max-image-preview:large","max-video-preview":"max-video-preview:-1"},"canonical":"https:\/\/international.grandestdeveloppement.fr\/fr\/numerique\/ia-grand-est\/","og_locale":"fr_FR","og_type":"article","og_title":"L'IA en Grand Est - \u00e0 la pointe de la recherche fran\u00e7aise sur l'intelligence artificielle - Invest Eastern France","og_description":"La R\u00e9gion Grand Est place l\u2019intelligence artificielle (IA) au c\u0153ur de son d\u00e9veloppement \u00e9conomique. D\u00e9couvrez toutes nos initiatives en IA !","og_url":"https:\/\/international.grandestdeveloppement.fr\/fr\/numerique\/ia-grand-est\/","og_site_name":"Invest Eastern France","article_modified_time":"2026-01-16T05:56:21+00:00","og_image":[{"width":1443,"height":806,"url":"https:\/\/international.grandestdeveloppement.fr\/wp-content\/uploads\/2025\/02\/AI-Photo-page-sectorielle-site-web-internationa.jpg","type":"image\/jpeg"}],"twitter_card":"summary_large_image","twitter_misc":{"Dur\u00e9e de lecture estim\u00e9e":"10 minutes"},"schema":{"@context":"https:\/\/schema.org","@graph":[{"@type":"WebPage","@id":"https:\/\/international.grandestdeveloppement.fr\/fr\/numerique\/ia-grand-est\/","url":"https:\/\/international.grandestdeveloppement.fr\/fr\/numerique\/ia-grand-est\/","name":"L'IA en Grand Est - \u00e0 la pointe de la recherche fran\u00e7aise sur l'intelligence artificielle - Invest Eastern France","isPartOf":{"@id":"https:\/\/international.grandestdeveloppement.fr\/fr\/#website"},"primaryImageOfPage":{"@id":"https:\/\/international.grandestdeveloppement.fr\/fr\/numerique\/ia-grand-est\/#primaryimage"},"image":{"@id":"https:\/\/international.grandestdeveloppement.fr\/fr\/numerique\/ia-grand-est\/#primaryimage"},"thumbnailUrl":"https:\/\/international.grandestdeveloppement.fr\/wp-content\/uploads\/2025\/02\/AI-Photo-page-sectorielle-site-web-internationa.jpg","datePublished":"2023-08-22T13:53:23+00:00","dateModified":"2026-01-16T05:56:21+00:00","description":"La R\u00e9gion Grand Est place l\u2019intelligence artificielle (IA) au c\u0153ur de son d\u00e9veloppement \u00e9conomique. D\u00e9couvrez toutes nos initiatives en IA !","breadcrumb":{"@id":"https:\/\/international.grandestdeveloppement.fr\/fr\/numerique\/ia-grand-est\/#breadcrumb"},"inLanguage":"fr-FR","potentialAction":[{"@type":"ReadAction","target":["https:\/\/international.grandestdeveloppement.fr\/fr\/numerique\/ia-grand-est\/"]}]},{"@type":"ImageObject","inLanguage":"fr-FR","@id":"https:\/\/international.grandestdeveloppement.fr\/fr\/numerique\/ia-grand-est\/#primaryimage","url":"https:\/\/international.grandestdeveloppement.fr\/wp-content\/uploads\/2025\/02\/AI-Photo-page-sectorielle-site-web-internationa.jpg","contentUrl":"https:\/\/international.grandestdeveloppement.fr\/wp-content\/uploads\/2025\/02\/AI-Photo-page-sectorielle-site-web-internationa.jpg","width":1443,"height":806,"caption":"Artificial Intelligence (AI) in Eastern France"},{"@type":"BreadcrumbList","@id":"https:\/\/international.grandestdeveloppement.fr\/fr\/numerique\/ia-grand-est\/#breadcrumb","itemListElement":[{"@type":"ListItem","position":1,"name":"Accueil","item":"https:\/\/international.grandestdeveloppement.fr\/fr\/"},{"@type":"ListItem","position":2,"name":"Le num\u00e9rique en Grand Est","item":"https:\/\/international.grandestdeveloppement.fr\/fr\/numerique\/"},{"@type":"ListItem","position":3,"name":"L&#8217;IA en Grand Est &#8211; \u00e0 la pointe de la recherche fran\u00e7aise sur l&#8217;intelligence artificielle"}]},{"@type":"WebSite","@id":"https:\/\/international.grandestdeveloppement.fr\/fr\/#website","url":"https:\/\/international.grandestdeveloppement.fr\/fr\/","name":"Invest Eastern France","description":"","publisher":{"@id":"https:\/\/international.grandestdeveloppement.fr\/fr\/#organization"},"potentialAction":[{"@type":"SearchAction","target":{"@type":"EntryPoint","urlTemplate":"https:\/\/international.grandestdeveloppement.fr\/fr\/?s={search_term_string}"},"query-input":{"@type":"PropertyValueSpecification","valueRequired":true,"valueName":"search_term_string"}}],"inLanguage":"fr-FR"},{"@type":"Organization","@id":"https:\/\/international.grandestdeveloppement.fr\/fr\/#organization","name":"Invest Eastern France","url":"https:\/\/international.grandestdeveloppement.fr\/fr\/","logo":{"@type":"ImageObject","inLanguage":"fr-FR","@id":"https:\/\/international.grandestdeveloppement.fr\/fr\/#\/schema\/logo\/image\/","url":"https:\/\/www.international.grandestdeveloppement.fr\/wp-content\/uploads\/2021\/08\/logo-invest-eastern-france.png","contentUrl":"https:\/\/www.international.grandestdeveloppement.fr\/wp-content\/uploads\/2021\/08\/logo-invest-eastern-france.png","width":500,"height":180,"caption":"Invest Eastern France"},"image":{"@id":"https:\/\/international.grandestdeveloppement.fr\/fr\/#\/schema\/logo\/image\/"}}]}},"publishpress_future_action":{"enabled":false,"date":"2026-05-02 09:05:45","action":"change-status","newStatus":"draft","terms":[],"taxonomy":"translation_priority","extraData":[]},"publishpress_future_workflow_manual_trigger":{"enabledWorkflows":[]},"_links":{"self":[{"href":"https:\/\/international.grandestdeveloppement.fr\/fr\/wp-json\/wp\/v2\/pages\/15297","targetHints":{"allow":["GET"]}}],"collection":[{"href":"https:\/\/international.grandestdeveloppement.fr\/fr\/wp-json\/wp\/v2\/pages"}],"about":[{"href":"https:\/\/international.grandestdeveloppement.fr\/fr\/wp-json\/wp\/v2\/types\/page"}],"author":[{"embeddable":true,"href":"https:\/\/international.grandestdeveloppement.fr\/fr\/wp-json\/wp\/v2\/users\/24"}],"replies":[{"embeddable":true,"href":"https:\/\/international.grandestdeveloppement.fr\/fr\/wp-json\/wp\/v2\/comments?post=15297"}],"version-history":[{"count":9,"href":"https:\/\/international.grandestdeveloppement.fr\/fr\/wp-json\/wp\/v2\/pages\/15297\/revisions"}],"predecessor-version":[{"id":17975,"href":"https:\/\/international.grandestdeveloppement.fr\/fr\/wp-json\/wp\/v2\/pages\/15297\/revisions\/17975"}],"up":[{"embeddable":true,"href":"https:\/\/international.grandestdeveloppement.fr\/fr\/wp-json\/wp\/v2\/pages\/553"}],"wp:featuredmedia":[{"embeddable":true,"href":"https:\/\/international.grandestdeveloppement.fr\/fr\/wp-json\/wp\/v2\/media\/15300"}],"wp:attachment":[{"href":"https:\/\/international.grandestdeveloppement.fr\/fr\/wp-json\/wp\/v2\/media?parent=15297"}],"wp:term":[{"taxonomy":"categorie-businessFunction","embeddable":true,"href":"https:\/\/international.grandestdeveloppement.fr\/fr\/wp-json\/wp\/v2\/categorie-businessFunction?post=15297"},{"taxonomy":"categorie-secteur","embeddable":true,"href":"https:\/\/international.grandestdeveloppement.fr\/fr\/wp-json\/wp\/v2\/categorie-secteur?post=15297"},{"taxonomy":"categorie-nationalite","embeddable":true,"href":"https:\/\/international.grandestdeveloppement.fr\/fr\/wp-json\/wp\/v2\/categorie-nationalite?post=15297"},{"taxonomy":"categorie-territoire","embeddable":true,"href":"https:\/\/international.grandestdeveloppement.fr\/fr\/wp-json\/wp\/v2\/categorie-territoire?post=15297"},{"taxonomy":"categorie-service","embeddable":true,"href":"https:\/\/international.grandestdeveloppement.fr\/fr\/wp-json\/wp\/v2\/categorie-service?post=15297"}],"curies":[{"name":"wp","href":"https:\/\/api.w.org\/{rel}","templated":true}]}}